{"id":2,"date":"2016-02-14T20:04:00","date_gmt":"2016-02-14T20:04:00","guid":{"rendered":"http:\/\/paradigme-bm.uvvg.ro\/?page_id=2"},"modified":"2016-02-23T12:12:53","modified_gmt":"2016-02-23T12:12:53","slug":"sample-page","status":"publish","type":"page","link":"https:\/\/paradigme-bm.uvvg.ro\/","title":{"rendered":"Revista Paradigme"},"content":{"rendered":"<p style=\"text-align: justify;\">Revista <strong>Paradigme universitare b\u0103im\u0103rene<\/strong> este o publica\u021bie periodic\u0103 a Universit\u0103\u021bii de Vest Vasile Goldi\u0219, coordonat\u0103 de Filiala Baia Mare.<\/p>\n<p style=\"text-align: justify;\">Fondat\u0103 \u00een anul 2014 la editura Vasile Goldi\u0219 University Press, revista <strong>Paradigme universitare b\u0103im\u0103rene<\/strong> public\u0103 lucr\u0103ri din diverse specializ\u0103ri: filosofie, comunicare, economie, antropologie, sociologie, geografie, medicin\u0103 etc. Specificul revistei este de a urm\u0103ri abordarea \u0219tiin\u021bific\u0103 din perspectiva diverselor specializ\u0103ri a unei teme anun\u021bate \u00een prealabil.<\/p>\n<p style=\"text-align: justify;\">ISSN 2359-7437<\/p>\n<p style=\"text-align: justify;\"><em>Cuv\u00e2nt \u00eenainte<\/em><\/p>\n<p style=\"text-align: justify;\"><em>Ini\u021biativa unor cadre didactice ale Universit\u0103\u021bii noastre, care predau la Filiala Baia Mare, de a\u00a0<\/em><em>publica o revist\u0103 proprie local\u0103, \u00abParadigme universitare b\u0103im\u0103rene\u00bb, nu poate fi dec\u00e2t una salutar\u0103. O revist\u0103 \u00een general, \u015fi cu at\u00e2t mai mult o revist\u0103 cu profil \u015ftiin\u0163ific, este menit\u0103 s\u0103 creeze un climat de emula\u0163ie intelectual\u0103, prielnic pentru cercetare, s\u0103 stimuleze g\u00e2ndirea creatoare, s\u0103 constituie o invita\u0163ie la dialog \u015fi schimb de idei pe teme de actualitate, s\u0103 ridice prestigiul academic al institu\u0163iei pe care o reprezint\u0103 \u00een municipiul Baia Mare \u015fi, \u00een general, \u00een arealul de Nord-Vest al \u0163\u0103rii.<\/em><\/p>\n<p style=\"text-align: justify;\"><em>Universitatea de Vest \u201eVasile Goldi\u015f\u201d din Arad, \u00eenfiin\u0163at\u0103 \u00een anul 1990 \u015fi acreditat\u0103 prin\u00a0lege \u00een anul 2002, a c\u0103p\u0103tat \u00eentr-un timp scurt o real\u0103 importan\u0163\u0103 na\u0163ional\u0103 \u015fi euro-regional\u0103 \u015fi s-a\u00a0integrat \u00een spa\u0163iul european al cercet\u0103rii \u015fi educa\u0163iei, fiind membr\u0103 a Asocia\u0163ia Universit\u0103\u0163ilor Europene (EUA), a Consor\u0163iului European \u201eCarol Magnus\u201d, a Asocia\u0163iei Universit\u0103\u0163ilor Danubiene, a Alian\u0163ei Universit\u0103\u0163ilor pentru Democra\u0163ie \u015fi de\u0163in\u0103toare a vicepre\u015feden\u0163iei Federa\u0163iei Europene a \u015ecolilor Superioare (FEDE), un organism al Consiliului Europei. \u00a0<\/em><\/p>\n<p style=\"text-align: justify;\"><em>Procesul de cercetare \u015ftiin\u0163ific\u0103, de comunicare \u015fi diseminare a rezultatelor cercet\u0103rii, de\u00a0promovare a \u015ftiin\u0163ei \u015fi culturii, se deruleaz\u0103 prin Conferin\u0163a \u015ftiin\u0163ific\u0103 anual\u0103 intitulat\u0103 \u201eZilele Academice Ar\u0103dene\u201d, prin Editura proprie \u201eVasile Goldi\u015f\u201d University Press, prin Biblioteca Central\u0103 Universitar\u0103 \u201eTudor Arghezi\u201d, prin mai multe reviste \u015ftiin\u0163ifice acreditate CNCS \u015fi indexate \u00een Baze de Date Interna\u0163ionale (Studia Universitas \u201eVasile Goldi\u015f\u201d, Seria \u015etiin\u0163ele Vie\u0163ii, Seria \u015etiin\u0163e Economice, Studii de \u015etiin\u0163\u0103 \u015fi Cultur\u0103, Studia Iudaica, Societate \u015fi politic\u0103, Revista de Administra\u0163ie Public\u0103). Prin cele \u015fase facult\u0103\u0163i ale sale, Universitatea de Vest \u201eVasile Goldi\u015f\u201d ofer\u0103 tinerilor deschi\u015fi spre formare intelectual\u0103 o larg\u0103 diversitate de programe de studii pentru nivelele de studii universitare de licen\u0163\u0103, masterat \u015fi doctorat, facilit\u00e2ndu-le formarea \u00een carier\u0103, \u00eemplinirea profesional\u0103 \u015fi recunoa\u015fterea social\u0103.<\/em><\/p>\n<p style=\"text-align: justify;\"><em>Prin realizarea revistei \u201eParadigme universitare b\u0103im\u0103rene\u201d, cadrele didactice care predau\u00a0la aceast\u0103 Filial\u0103 se circumscriu \u00een mod meritoriu efortului de dezvoltare institu\u0163ional\u0103 a\u00a0Universit\u0103\u0163ii noastre, de afirmare a noastr\u0103 \u00een spa\u0163iul academic \u015fi \u00een cel public local, de efectuare a\u00a0unei necesare deschideri c\u0103tre mediile culturale \u015fi intelectuale locale, c\u0103tre institu\u0163iile \u015fi\u00a0organiza\u0163iile existente \u00een aceast\u0103 zon\u0103 a \u0163\u0103rii.<\/em><\/p>\n<p style=\"text-align: justify;\"><em>Prof. univ. dr. Coralia Adina COTORACI<\/em><\/p>\n<p style=\"text-align: justify;\"><em>Rector al Universit\u0103\u0163ii de Vest \u201eVasile Goldi\u015f\u201d din Arad<\/em><\/p>\n","protected":false},"excerpt":{"rendered":"<p>Revista Paradigme universitare b\u0103im\u0103rene este o publica\u021bie periodic\u0103 a Universit\u0103\u021bii de Vest Vasile Goldi\u0219, coordonat\u0103 de Filiala Baia Mare. Fondat\u0103 \u00een anul 2014 la editura Vasile Goldi\u0219 University Press, revista Paradigme universitare b\u0103im\u0103rene public\u0103 lucr\u0103ri din diverse specializ\u0103ri: filosofie, comunicare, &hellip; <a href=\"https:\/\/paradigme-bm.uvvg.ro\/\">Continue reading <span class=\"meta-nav\">&rarr;<\/span><\/a><\/p>\n","protected":false},"author":1,"featured_media":0,"parent":0,"menu_order":0,"comment_status":"closed","ping_status":"open","template":"","meta":{"footnotes":"","_links_to":"","_links_to_target":""},"tags":[10,8,17,16,19,18],"class_list":["post-2","page","type-page","status-publish","hentry","tag-filiala-baia-mare","tag-paradigme-universitare-baimarene","tag-publicatie-periodica","tag-revista-paradigme","tag-universitatea-de-vest-arad","tag-universitatea-vasile-goldis"],"_links":{"self":[{"href":"https:\/\/paradigme-bm.uvvg.ro\/index.php\/wp-json\/wp\/v2\/pages\/2","targetHints":{"allow":["GET"]}}],"collection":[{"href":"https:\/\/paradigme-bm.uvvg.ro\/index.php\/wp-json\/wp\/v2\/pages"}],"about":[{"href":"https:\/\/paradigme-bm.uvvg.ro\/index.php\/wp-json\/wp\/v2\/types\/page"}],"author":[{"embeddable":true,"href":"https:\/\/paradigme-bm.uvvg.ro\/index.php\/wp-json\/wp\/v2\/users\/1"}],"replies":[{"embeddable":true,"href":"https:\/\/paradigme-bm.uvvg.ro\/index.php\/wp-json\/wp\/v2\/comments?post=2"}],"version-history":[{"count":11,"href":"https:\/\/paradigme-bm.uvvg.ro\/index.php\/wp-json\/wp\/v2\/pages\/2\/revisions"}],"predecessor-version":[{"id":271,"href":"https:\/\/paradigme-bm.uvvg.ro\/index.php\/wp-json\/wp\/v2\/pages\/2\/revisions\/271"}],"wp:attachment":[{"href":"https:\/\/paradigme-bm.uvvg.ro\/index.php\/wp-json\/wp\/v2\/media?parent=2"}],"wp:term":[{"taxonomy":"post_tag","embeddable":true,"href":"https:\/\/paradigme-bm.uvvg.ro\/index.php\/wp-json\/wp\/v2\/tags?post=2"}],"curies":[{"name":"wp","href":"https:\/\/api.w.org\/{rel}","templated":true}]}}