{"id":22,"date":"2016-02-14T21:26:13","date_gmt":"2016-02-14T21:26:13","guid":{"rendered":"http:\/\/paradigme-bm.uvvg.ro\/?page_id=22"},"modified":"2016-02-23T12:05:33","modified_gmt":"2016-02-23T12:05:33","slug":"paradigme-nr-2","status":"publish","type":"page","link":"https:\/\/paradigme-bm.uvvg.ro\/index.php\/paradigme-nr-2\/","title":{"rendered":"An II, nr.2, 2015"},"content":{"rendered":"<h2 style=\"text-align: center;\">Paradigme universitare b\u0103im\u0103rene<\/h2>\n<h2 style=\"text-align: center;\"><strong>CUPRINS<\/strong><\/h2>\n<p style=\"text-align: center;\">\n<table id=\"tablepress-2\" class=\"tablepress tablepress-id-2 tbody-has-connected-cells\">\n<thead>\n<tr class=\"row-1\">\n\t<th class=\"column-1\">Autorul<\/th><th class=\"column-2\">Titlul<\/th><th class=\"column-3\">Pagina<\/th>\n<\/tr>\n<\/thead>\n<tbody class=\"row-striping row-hover\">\n<tr class=\"row-2\">\n\t<td colspan=\"2\" class=\"column-1\"><strong>Sectiunea I <\/strong><\/td><td class=\"column-3\"><\/td>\n<\/tr>\n<tr class=\"row-3\">\n\t<td colspan=\"2\" class=\"column-1\"><strong>Eveniment UVVG &amp; Academia Rom\u00e2n\u0103 la Baia Mare: <\/strong><\/td><td class=\"column-3\"><\/td>\n<\/tr>\n<tr class=\"row-4\">\n\t<td colspan=\"2\" class=\"column-1\">Conferirea titlului de Dr. H. C. acad. Valentin I. Vlad, Pre\u0219edintele Academiei Rom\u00e2ne<\/td><td class=\"column-3\">5<\/td>\n<\/tr>\n<tr class=\"row-5\">\n\t<td class=\"column-1\">Pre\u0219edintele Universit\u0103\u0163ii de Vest \u201eVasile Goldi\u0219\u201d din Arad<\/td><td class=\"column-2\"><a href=\"http:\/\/paradigme-bm.uvvg.ro\/Articole\/Aurel ARDELEAN laudatio nr2.pdf\" target=\"_blank\">Laudatio rostit de c\u0103tre Prof. univ. dr. Aurel Ardelean,<\/a><\/td><td class=\"column-3\">5<\/td>\n<\/tr>\n<tr class=\"row-6\">\n\t<td class=\"column-1\">Acad. Valentin Ionel Vlad<\/td><td class=\"column-2\"><a href=\"http:\/\/paradigme-bm.uvvg.ro\/Articole\/Valentin Ionel VLAD nr2.pdf\" target=\"_blank\">Discursul rostit de c\u0103tre acad. Valentin Ionel Vlad, Pre\u0219edintele Academiei Rom\u00e2ne<\/a><\/td><td class=\"column-3\">10<\/td>\n<\/tr>\n<tr class=\"row-7\">\n\t<td colspan=\"2\" class=\"column-1\"><strong>Sec\u0163iunea a II-a<\/strong><\/td><td class=\"column-3\"><\/td>\n<\/tr>\n<tr class=\"row-8\">\n\t<td colspan=\"2\" class=\"column-1\"><strong>Probleme de Epistemologie<\/strong><\/td><td class=\"column-3\"><\/td>\n<\/tr>\n<tr class=\"row-9\">\n\t<td class=\"column-1\">Baia Mare, 26 noiembrie 2014<\/td><td class=\"column-2\"><a href=\"http:\/\/paradigme-bm.uvvg.ro\/Articole\/Simpozion nr2.pdf\" target=\"_blank\">Simpozion universitar cu tema Epistemologia geografiei <\/a><\/td><td class=\"column-3\">17<\/td>\n<\/tr>\n<tr class=\"row-10\">\n\t<td class=\"column-1\">Acad. Alexandru SURDU<\/td><td class=\"column-2\"><a href=\"http:\/\/paradigme-bm.uvvg.ro\/Articole\/Alexandru SURDU nr2.pdf\" target=\"_blank\">Preocup\u0103ri meritorii de Epistemologie<\/a><\/td><td class=\"column-3\">20<\/td>\n<\/tr>\n<tr class=\"row-11\">\n\t<td class=\"column-1\">Prof. univ. dr. Aurel Ardelean <\/td><td class=\"column-2\"><a href=\"http:\/\/paradigme-bm.uvvg.ro\/Articole\/Aurel ARDELEAN nr2.pdf\" target=\"_blank\">Teorii, legi \u015fi concep\u0163ii din domeniul \u015ftiin\u0163elor vie\u0163ii <br \/>\n\u015fi ale p\u0103m\u00e2ntului, cu semnifica\u0163ie pentru epistemologie<\/a><\/td><td class=\"column-3\">22<\/td>\n<\/tr>\n<tr class=\"row-12\">\n\t<td class=\"column-1\">Prof. univ. dr. Octavian M\u00c2NDRU\u0162<\/td><td class=\"column-2\"><a href=\"http:\/\/paradigme-bm.uvvg.ro\/Articole\/Octavian MANDRUT nr2.pdf\" target=\"_blank\"><br \/>\nElemente actuale ale epistemologiei geografiei<\/a><\/td><td class=\"column-3\">29<\/td>\n<\/tr>\n<tr class=\"row-13\">\n\t<td class=\"column-1\">Prof. univ. dr. Viorel POP, Conf. univ. dr. Mihaela \u015eTE\u0162<\/td><td class=\"column-2\"><a href=\"http:\/\/paradigme-bm.uvvg.ro\/Articole\/Viorel POP, Mihaela STET nr2.pdf\" target=\"_blank\">Despre cunoa\u0219terea universului<\/a><\/td><td class=\"column-3\">44<\/td>\n<\/tr>\n<tr class=\"row-14\">\n\t<td class=\"column-1\">Conf. dr. Nicolae IUGA, Dr. Lauren\u0163iu BATIN <\/td><td class=\"column-2\"><a href=\"http:\/\/paradigme-bm.uvvg.ro\/Articole\/Nicolae IUGA, Laurentiu BATIN nr2.pdf\" target=\"_blank\">O problem\u0103 de epistemologie: <br \/>\npoate  fi  literatura de fic\u0163iune o \u201e\u0219tiin\u0163\u0103 a r\u0103ului\u201d? <\/a><\/td><td class=\"column-3\">56<\/td>\n<\/tr>\n<tr class=\"row-15\">\n\t<td class=\"column-1\">Lect. univ. dr. Dan Ioan Bogdan<\/td><td class=\"column-2\"><a href=\"http:\/\/paradigme-bm.uvvg.ro\/Articole\/Ioan BOGDAN nr2.pdf\" target=\"_blank\">Analiza geofizicului - Repere epistemologice<\/a><\/td><td class=\"column-3\">59<\/td>\n<\/tr>\n<tr class=\"row-16\">\n\t<td class=\"column-1\">Lect. univ. dr. Faur Victor-Cornel<\/td><td class=\"column-2\"><a href=\"http:\/\/paradigme-bm.uvvg.ro\/Articole\/Victor Cornel FAUR nr2.pdf\" target=\"_blank\">Metodologia cercet\u0103rii reliefului vulcanic <\/a><\/td><td class=\"column-3\">69<\/td>\n<\/tr>\n<tr class=\"row-17\">\n\t<td class=\"column-1\">Lect. univ. dr. I. \u0218erban<\/td><td class=\"column-2\"><a href=\"http:\/\/paradigme-bm.uvvg.ro\/Articole\/Paul Razvan SERBAN nr2.pdf\" target=\"_blank\">Geografia\u2013 spa\u0163iul epistemologic al \u0219tiin\u0163ei complexit\u0103\u0163ii<\/a><\/td><td class=\"column-3\">72<\/td>\n<\/tr>\n<tr class=\"row-18\">\n\t<td class=\"column-1\">Lect. univ. dr. Melinda Breban<\/td><td class=\"column-2\"><a href=\"http:\/\/paradigme-bm.uvvg.ro\/Articole\/Melinda BREBAN nr2.pdf\" target=\"_blank\">Semnifica\u0163ia epistemic\u0103 a conceptului de \u201ehomogamie\u201d<\/a><\/td><td class=\"column-3\">78<\/td>\n<\/tr>\n<tr class=\"row-19\">\n\t<td class=\"column-1\">Lect. dr. univ.  Magnolia TILCA<\/td><td class=\"column-2\"><a href=\"http:\/\/paradigme-bm.uvvg.ro\/Articole\/Magnolia TILCA nr2.pdf\" target=\"_blank\">Validarea sistemului epistecmic prin mediul <br \/>\nde programare turbo-pascal<\/a><\/td><td class=\"column-3\">87<\/td>\n<\/tr>\n<tr class=\"row-20\">\n\t<td class=\"column-1\">Dr.  T\u0103nase - Ion FILIP<\/td><td class=\"column-2\"><a href=\"http:\/\/paradigme-bm.uvvg.ro\/Articole\/Tanase Ioan FILIP nr2.pdf\" target=\"_blank\">Elemente de integrare cultural\u0103 european\u0103 a rom\u00e2nilor<\/a><\/td><td class=\"column-3\">94<\/td>\n<\/tr>\n<tr class=\"row-21\">\n\t<td colspan=\"2\" class=\"column-1\"><strong>Sec\u0163iunea a III-a<\/strong><\/td><td class=\"column-3\"><\/td>\n<\/tr>\n<tr class=\"row-22\">\n\t<td colspan=\"2\" class=\"column-1\"><strong>RECENZII &amp; ESEURI &amp; MISCELLANEA <\/strong><\/td><td class=\"column-3\"><\/td>\n<\/tr>\n<tr class=\"row-23\">\n\t<td class=\"column-1\">Conf. univ. dr. Nicolae Iuga<\/td><td class=\"column-2\"><a href=\"http:\/\/paradigme-bm.uvvg.ro\/Articole\/Nicolae IUGA nr2.pdf\" target=\"_blank\">Eseu  la o hermenutic\u0103 a m\u0103\u0219tilor<\/a><\/td><td class=\"column-3\">101<\/td>\n<\/tr>\n<tr class=\"row-24\">\n\t<td class=\"column-1\">Lector univ. dr.  Ilie GHERHE\u0218<\/td><td class=\"column-2\"><a href=\"http:\/\/paradigme-bm.uvvg.ro\/Articole\/Ilie GHERHES despre MARCHIS nr2.pdf\" target=\"_blank\">Dr. Ioan Marchi\u0219: \u201eNodul dacic\u201d <br \/>\nsau povestea \u0219tiin\u0163ific\u0103 a Nodului Maramure\u0219ean<\/a><\/td><td class=\"column-3\">106<\/td>\n<\/tr>\n<tr class=\"row-25\">\n\t<td class=\"column-1\">Conf. univ. dr. Mihaela \u0218te\u0163<\/td><td class=\"column-2\"><a href=\"http:\/\/paradigme-bm.uvvg.ro\/Articole\/Mihaela STET nr2.pdf\" target=\"_blank\">Un tratat deosebit de util<\/a><\/td><td class=\"column-3\">109<\/td>\n<\/tr>\n<tr class=\"row-26\">\n\t<td class=\"column-1\">Drd. Ioan Boti\u0219 <\/td><td class=\"column-2\"><a href=\"http:\/\/paradigme-bm.uvvg.ro\/Articole\/Ioan BOTIS nr2.pdf\" target=\"_blank\">O carte incomod\u0103<\/a><\/td><td class=\"column-3\">110<\/td>\n<\/tr>\n<\/tbody>\n<\/table>\n<!-- #tablepress-2 from cache --><\/p>\n<p>&nbsp;<\/p>\n","protected":false},"excerpt":{"rendered":"<p>Paradigme universitare b\u0103im\u0103rene CUPRINS &nbsp;<\/p>\n","protected":false},"author":1,"featured_media":216,"parent":0,"menu_order":0,"comment_status":"closed","ping_status":"closed","template":"","meta":{"footnotes":"","_links_to":"","_links_to_target":""},"tags":[6,5],"class_list":["post-22","page","type-page","status-publish","has-post-thumbnail","hentry","tag-baia-mare","tag-paradigme-2015"],"_links":{"self":[{"href":"https:\/\/paradigme-bm.uvvg.ro\/index.php\/wp-json\/wp\/v2\/pages\/22","targetHints":{"allow":["GET"]}}],"collection":[{"href":"https:\/\/paradigme-bm.uvvg.ro\/index.php\/wp-json\/wp\/v2\/pages"}],"about":[{"href":"https:\/\/paradigme-bm.uvvg.ro\/index.php\/wp-json\/wp\/v2\/types\/page"}],"author":[{"embeddable":true,"href":"https:\/\/paradigme-bm.uvvg.ro\/index.php\/wp-json\/wp\/v2\/users\/1"}],"replies":[{"embeddable":true,"href":"https:\/\/paradigme-bm.uvvg.ro\/index.php\/wp-json\/wp\/v2\/comments?post=22"}],"version-history":[{"count":6,"href":"https:\/\/paradigme-bm.uvvg.ro\/index.php\/wp-json\/wp\/v2\/pages\/22\/revisions"}],"predecessor-version":[{"id":149,"href":"https:\/\/paradigme-bm.uvvg.ro\/index.php\/wp-json\/wp\/v2\/pages\/22\/revisions\/149"}],"wp:featuredmedia":[{"embeddable":true,"href":"https:\/\/paradigme-bm.uvvg.ro\/index.php\/wp-json\/wp\/v2\/media\/216"}],"wp:attachment":[{"href":"https:\/\/paradigme-bm.uvvg.ro\/index.php\/wp-json\/wp\/v2\/media?parent=22"}],"wp:term":[{"taxonomy":"post_tag","embeddable":true,"href":"https:\/\/paradigme-bm.uvvg.ro\/index.php\/wp-json\/wp\/v2\/tags?post=22"}],"curies":[{"name":"wp","href":"https:\/\/api.w.org\/{rel}","templated":true}]}}