{"id":294,"date":"2016-04-02T14:11:36","date_gmt":"2016-04-02T14:11:36","guid":{"rendered":"http:\/\/paradigme-bm.uvvg.ro\/?page_id=294"},"modified":"2016-04-02T15:12:48","modified_gmt":"2016-04-02T15:12:48","slug":"mihai-olos","status":"publish","type":"page","link":"https:\/\/paradigme-bm.uvvg.ro\/index.php\/mihai-olos\/","title":{"rendered":"Mihai OLOS"},"content":{"rendered":"<p><strong>\u00a0 <img loading=\"lazy\" decoding=\"async\" class=\"size-medium wp-image-295 alignnone\" src=\"https:\/\/paradigme-bm.uvvg.ro\/wp-content\/uploads\/2016\/04\/Olospolis-199x300.jpg\" alt=\"Olospolis\" width=\"199\" height=\"300\" srcset=\"https:\/\/paradigme-bm.uvvg.ro\/wp-content\/uploads\/2016\/04\/Olospolis-199x300.jpg 199w, https:\/\/paradigme-bm.uvvg.ro\/wp-content\/uploads\/2016\/04\/Olospolis.jpg 237w\" sizes=\"auto, (max-width: 199px) 100vw, 199px\" \/> <img loading=\"lazy\" decoding=\"async\" class=\"wp-image-310 alignnone\" src=\"https:\/\/paradigme-bm.uvvg.ro\/wp-content\/uploads\/2016\/04\/olos-mihai-300x297.jpg\" alt=\"olos-mihai\" width=\"285\" height=\"282\" \/><br \/>\n<\/strong><\/p>\n<p style=\"text-align: justify;\">Mihai Olos\u00a0 (n.\u00a0 1940,\u00a0 Arini\u0219, Maramure\u0219 &#8211;\u00a0 d. 2015, Amoltern,\u00a0 Germania)\u00a0 a\u00a0 fost un artist\u00a0 polivalent\u00a0 de\u00a0 talie\u00a0 european\u0103.\u00a0 \u201e<em>\u00cenzestrat\u00a0 cu\u00a0 haruri\u00a0 multiple,\u00a0 c\u00e2nt\u0103re\u0163,\u00a0 poet,\u00a0 grafician, pictor, sculptor, arhitect, geniu al improviza\u0163iei \u015fi oralit\u0103\u0163ii, filosof \u0163\u0103ran, \u00een egal\u0103 m\u0103sur\u0103, dar mai\u00a0 presus\u00a0 de\u00a0 toate\u00a0 artist\u00a0 renascentist\u00a0 \u00een\u00a0 plin\u0103\u00a0 conectare\u00a0 rom\u00e2neasc\u0103\u00a0 la\u00a0 modernitate,\u00a0 om universal\u00a0 cu\u00a0 asupra\u00a0 de m\u0103sur\u0103, Mihai\u00a0 Olos\u00a0 a\u00a0 mutat\u00a0 centrul\u00a0 artelor\u00a0 \u00een\u00a0 Maramure\u015ful\u00a0 arhaic, redescoperindu-i\u00a0 valen\u0163ele\u00a0 de\u00a0 actualizare\u00a0 \u00een\u00a0 plin\u0103\u00a0 contemporaneitate.\u00a0 <\/em><\/p>\n<p style=\"text-align: justify;\"><em>Mihai\u00a0 Olos\u00a0 a\u00a0 fost apreciat\u00a0 \u00eenc\u0103\u00a0 din\u00a0 tinere\u0163e\u00a0 de\u00a0 c\u0103tre\u00a0 importantul\u00a0 critic\u00a0 rom\u00e2n\u00a0 de\u00a0 art\u0103\u00a0 Petru\u00a0 Comarnescu,\u00a0 sub girul c\u0103ruia s-a lansat \u00een \u0163ar\u0103 \u015fi \u00een lume, av\u00e2nd curajul s\u0103 dezvolte pe linia lui Br\u00e2ncu\u015fi \u015fi s\u0103 duc\u0103\u00a0 la\u00a0 mari expozi\u0163ii\u00a0 de\u00a0 art\u0103\u00a0 modern\u0103\u00a0 din\u00a0 Osaka,\u00a0 Roma,\u00a0 dar\u00a0 \u015fi\u00a0 \u00een\u00a0 Germania\u00a0 sau\u00a0 Olanda, proiectul\u00a0 Ora\u015fului\u00a0 Universal,\u00a0 Olos-Polisul\u00a0 germinat\u00a0 de\u00a0 geniul\u00a0 tutelar\u00a0 al\u00a0 formelor constructorilor \u00een lemn din Maramure\u015ful Istoric<\/em>\u201d (Ion Zuba\u0219cu, \u00een rev. \u201eVia\u021ba Rom\u00e2neasc\u0103\u201d nr. 3 \u2013 4 \/2010).<\/p>\n<p style=\"text-align: justify;\"><a href=\"https:\/\/paradigme-bm.uvvg.ro\/index.php\/numar-curent\/\">Back<\/a><\/p>\n","protected":false},"excerpt":{"rendered":"<p>\u00a0 Mihai Olos\u00a0 (n.\u00a0 1940,\u00a0 Arini\u0219, Maramure\u0219 &#8211;\u00a0 d. 2015, Amoltern,\u00a0 Germania)\u00a0 a\u00a0 fost un artist\u00a0 polivalent\u00a0 de\u00a0 talie\u00a0 european\u0103.\u00a0 \u201e\u00cenzestrat\u00a0 cu\u00a0 haruri\u00a0 multiple,\u00a0 c\u00e2nt\u0103re\u0163,\u00a0 poet,\u00a0 grafician, pictor, sculptor, arhitect, geniu al improviza\u0163iei \u015fi oralit\u0103\u0163ii, filosof \u0163\u0103ran, \u00een egal\u0103 m\u0103sur\u0103, &hellip; <a href=\"https:\/\/paradigme-bm.uvvg.ro\/index.php\/mihai-olos\/\">Continue reading <span class=\"meta-nav\">&rarr;<\/span><\/a><\/p>\n","protected":false},"author":1,"featured_media":0,"parent":0,"menu_order":0,"comment_status":"closed","ping_status":"closed","template":"","meta":{"footnotes":"","_links_to":"","_links_to_target":""},"tags":[],"class_list":["post-294","page","type-page","status-publish","hentry"],"_links":{"self":[{"href":"https:\/\/paradigme-bm.uvvg.ro\/index.php\/wp-json\/wp\/v2\/pages\/294","targetHints":{"allow":["GET"]}}],"collection":[{"href":"https:\/\/paradigme-bm.uvvg.ro\/index.php\/wp-json\/wp\/v2\/pages"}],"about":[{"href":"https:\/\/paradigme-bm.uvvg.ro\/index.php\/wp-json\/wp\/v2\/types\/page"}],"author":[{"embeddable":true,"href":"https:\/\/paradigme-bm.uvvg.ro\/index.php\/wp-json\/wp\/v2\/users\/1"}],"replies":[{"embeddable":true,"href":"https:\/\/paradigme-bm.uvvg.ro\/index.php\/wp-json\/wp\/v2\/comments?post=294"}],"version-history":[{"count":6,"href":"https:\/\/paradigme-bm.uvvg.ro\/index.php\/wp-json\/wp\/v2\/pages\/294\/revisions"}],"predecessor-version":[{"id":313,"href":"https:\/\/paradigme-bm.uvvg.ro\/index.php\/wp-json\/wp\/v2\/pages\/294\/revisions\/313"}],"wp:attachment":[{"href":"https:\/\/paradigme-bm.uvvg.ro\/index.php\/wp-json\/wp\/v2\/media?parent=294"}],"wp:term":[{"taxonomy":"post_tag","embeddable":true,"href":"https:\/\/paradigme-bm.uvvg.ro\/index.php\/wp-json\/wp\/v2\/tags?post=294"}],"curies":[{"name":"wp","href":"https:\/\/api.w.org\/{rel}","templated":true}]}}